{"id":57,"date":"2019-09-05T21:32:33","date_gmt":"2019-09-05T19:32:33","guid":{"rendered":"http:\/\/neuehomepage.skiverein-luetzel.de\/?page_id=57"},"modified":"2025-11-12T20:16:59","modified_gmt":"2025-11-12T19:16:59","slug":"startseite","status":"publish","type":"page","link":"https:\/\/www.skiverein-luetzel.de\/","title":{"rendered":"Herzlich Willkommen"},"content":{"rendered":"\t\t<div data-elementor-type=\"wp-page\" data-elementor-id=\"57\" class=\"elementor elementor-57\">\n\t\t\t\t\t\t<section class=\"elementor-section elementor-top-section elementor-element elementor-element-5fcce49e elementor-section-boxed elementor-section-height-default elementor-section-height-default\" data-id=\"5fcce49e\" data-element_type=\"section\">\n\t\t\t\t\t\t<div class=\"elementor-container elementor-column-gap-default\">\n\t\t\t\t\t<div class=\"elementor-column elementor-col-100 elementor-top-column elementor-element elementor-element-1e9f946d\" data-id=\"1e9f946d\" data-element_type=\"column\">\n\t\t\t<div class=\"elementor-widget-wrap elementor-element-populated\">\n\t\t\t\t\t\t<div class=\"elementor-element elementor-element-329c096 elementor-widget elementor-widget-heading\" data-id=\"329c096\" data-element_type=\"widget\" data-widget_type=\"heading.default\">\n\t\t\t\t<div class=\"elementor-widget-container\">\n\t\t\t<h1 class=\"elementor-heading-title elementor-size-default\">Herzlich Willkommen<\/h1>\t\t<\/div>\n\t\t\t\t<\/div>\n\t\t\t\t<div class=\"elementor-element elementor-element-59c145cb elementor-widget elementor-widget-text-editor\" data-id=\"59c145cb\" data-element_type=\"widget\" data-widget_type=\"text-editor.default\">\n\t\t\t\t<div class=\"elementor-widget-container\">\n\t\t\t\t\t\t\t<p>Wir w\u00fcnschen viel Spa\u00df beim St\u00f6bern auf unserer Seite und freuen uns, Euch den Verein und das Vereinsleben ein wenig n\u00e4her vorstellen zu k\u00f6nnen. Neben dem Angebot an Freizeit- und Wettkampfsport bieten wir auch viele Gelegenheiten zum geselligen Beisammensein und verschiedene, gemeinsame Unternehmungen. Auf Facebook sind wir nat\u00fcrlich auch vertreten \u2013 geliked werden kann unter folgendem Link: <a href=\"https:\/\/www.facebook.com\/Luetzeler\">Skiverein auf Facebook<\/a><\/p>\n<p><strong>Weitere Termine rund um L\u00fctzel findet im Kalender des Heimatvereins unter <a href=\"https:\/\/xn--ltzel-kva.info\/\" target=\"_blank\" rel=\"noopener\">L\u00fctzel.info<\/a><\/strong><\/p>\n<p><!-- \/wp:paragraph --><!-- wp:paragraph --><\/p>\n<p>Viele Gr\u00fc\u00dfe<br \/>Euer Vorstand<\/p>\n<p><!-- \/wp:paragraph --><\/p>\t\t\t\t\t\t<\/div>\n\t\t\t\t<\/div>\n\t\t\t\t\t<\/div>\n\t\t<\/div>\n\t\t\t\t\t<\/div>\n\t\t<\/section>\n\t\t\t\t<section class=\"elementor-section elementor-top-section elementor-element elementor-element-28235a4 elementor-section-boxed elementor-section-height-default elementor-section-height-default\" data-id=\"28235a4\" data-element_type=\"section\">\n\t\t\t\t\t\t<div class=\"elementor-container elementor-column-gap-default\">\n\t\t\t\t\t<div class=\"elementor-column elementor-col-100 elementor-top-column elementor-element elementor-element-3878c63\" data-id=\"3878c63\" data-element_type=\"column\">\n\t\t\t<div class=\"elementor-widget-wrap elementor-element-populated\">\n\t\t\t\t\t\t<div class=\"elementor-element elementor-element-ad3c9f7 elementor-widget elementor-widget-ColorMag-Posts-Grid-3\" data-id=\"ad3c9f7\" data-element_type=\"widget\" data-widget_type=\"ColorMag-Posts-Grid-3.default\">\n\t\t\t\t<div class=\"elementor-widget-container\">\n\t\t\t\n        <div class=\"tg-module-grid tg-module-grid--style-3 tg-module-wrapper\">\n            \n            <div class=\"tg-row thinner\">\n                \n                    <div class=\"tg-col-control\">\n                        <div class=\"tg_module_grid\">\n                                                            <figure class=\"tg-module-thumb\">\n                                    \t\t<a href=\"https:\/\/www.skiverein-luetzel.de\/?p=3265\" class=\"tg-thumb-link\">\n\t\t\t<img fetchpriority=\"high\" decoding=\"async\" width=\"600\" height=\"417\" src=\"https:\/\/www.skiverein-luetzel.de\/wp-content\/uploads\/2026\/04\/JHV_026-600x417.jpg\" class=\"attachment-colormag-elementor-grid-large-thumbnail size-colormag-elementor-grid-large-thumbnail wp-post-image\" alt=\"\" srcset=\"https:\/\/www.skiverein-luetzel.de\/wp-content\/uploads\/2026\/04\/JHV_026-600x417.jpg 600w, https:\/\/www.skiverein-luetzel.de\/wp-content\/uploads\/2026\/04\/JHV_026-392x272.jpg 392w, https:\/\/www.skiverein-luetzel.de\/wp-content\/uploads\/2026\/04\/JHV_026-130x90.jpg 130w\" sizes=\"(max-width: 600px) 100vw, 600px\" \/>\t\t<\/a>\n\t\t                                <\/figure>\n                            \n                            <div class=\"tg-module-info\">\n                                <div class=\"tg-post-categories\"><a href=\"https:\/\/www.skiverein-luetzel.de\/?cat=6\" style=\"background:#1e73be\" class=\"tg-post-category\" rel=\"category tag\">Aktuelles<\/a>&nbsp;<a href=\"https:\/\/www.skiverein-luetzel.de\/?cat=11\" class=\"tg-post-category\" rel=\"category tag\">Termine<\/a>&nbsp;<\/div>\t\t<h3 class=\"tg-module-title entry-title\">\n\t\t\t<a href=\"https:\/\/www.skiverein-luetzel.de\/?p=3265\">Jahreshauptversammlung 2026<\/a>\n\t\t<\/h3>\n\t\t\n\t\t<div class=\"tg-module-meta\">\n\t\t\t\n\t\t\t<span class=\"tg-post-date entry-date\">\n\t\t\t\t<a href=\"https:\/\/www.skiverein-luetzel.de\/?p=3265\" rel=\"bookmark\"><time class=\"entry-date published\" datetime=\"2026-04-20T20:42:19+02:00\">20. April 2026<\/time><time class=\"updated\" datetime=\"2026-04-24T18:17:03+02:00\">24. April 2026<\/time><\/a>\t\t\t<\/span>\n\n\t\t\t<span class=\"tg-post-auther-name author vcard\">\n\t\t\t\t<a class=\"url fn n\" href=\"https:\/\/www.skiverein-luetzel.de\/?author=4\">Michael Halbfas<\/a>\t\t\t<\/span>\n\n\t\t\t\t\t<\/div>\n\n\t\t                            <\/div>\n                        <\/div>\n                    <\/div>\n\n                    \n                    <div class=\"tg-col-control\">\n                        <div class=\"tg_module_grid\">\n                                                            <figure class=\"tg-module-thumb\">\n                                    \t\t<a href=\"https:\/\/www.skiverein-luetzel.de\/?p=3222\" class=\"tg-thumb-link\">\n\t\t\t<img decoding=\"async\" width=\"600\" height=\"417\" src=\"https:\/\/www.skiverein-luetzel.de\/wp-content\/uploads\/2025\/11\/Laterne2025_2-600x417.jpg\" class=\"attachment-colormag-elementor-grid-large-thumbnail size-colormag-elementor-grid-large-thumbnail wp-post-image\" alt=\"\" srcset=\"https:\/\/www.skiverein-luetzel.de\/wp-content\/uploads\/2025\/11\/Laterne2025_2-600x417.jpg 600w, https:\/\/www.skiverein-luetzel.de\/wp-content\/uploads\/2025\/11\/Laterne2025_2-392x272.jpg 392w, https:\/\/www.skiverein-luetzel.de\/wp-content\/uploads\/2025\/11\/Laterne2025_2-130x90.jpg 130w\" sizes=\"(max-width: 600px) 100vw, 600px\" \/>\t\t<\/a>\n\t\t                                <\/figure>\n                            \n                            <div class=\"tg-module-info\">\n                                <div class=\"tg-post-categories\"><a href=\"https:\/\/www.skiverein-luetzel.de\/?cat=6\" style=\"background:#1e73be\" class=\"tg-post-category\" rel=\"category tag\">Aktuelles<\/a>&nbsp;<\/div>\t\t<h3 class=\"tg-module-title entry-title\">\n\t\t\t<a href=\"https:\/\/www.skiverein-luetzel.de\/?p=3222\">Sonne, Mond und Sterne&#8230;<\/a>\n\t\t<\/h3>\n\t\t\n\t\t<div class=\"tg-module-meta\">\n\t\t\t\n\t\t\t<span class=\"tg-post-date entry-date\">\n\t\t\t\t<a href=\"https:\/\/www.skiverein-luetzel.de\/?p=3222\" rel=\"bookmark\"><time class=\"entry-date published\" datetime=\"2025-11-21T08:02:43+01:00\">21. November 2025<\/time><time class=\"updated\" datetime=\"2025-11-21T08:03:45+01:00\">21. November 2025<\/time><\/a>\t\t\t<\/span>\n\n\t\t\t<span class=\"tg-post-auther-name author vcard\">\n\t\t\t\t<a class=\"url fn n\" href=\"https:\/\/www.skiverein-luetzel.de\/?author=4\">Michael Halbfas<\/a>\t\t\t<\/span>\n\n\t\t\t\t\t<\/div>\n\n\t\t                            <\/div>\n                        <\/div>\n                    <\/div>\n\n                                <\/div>\n        <\/div>\n\n        \t\t<\/div>\n\t\t\t\t<\/div>\n\t\t\t\t\t<\/div>\n\t\t<\/div>\n\t\t\t\t\t<\/div>\n\t\t<\/section>\n\t\t\t\t<section class=\"elementor-section elementor-top-section elementor-element elementor-element-c8908cb elementor-section-boxed elementor-section-height-default elementor-section-height-default\" data-id=\"c8908cb\" data-element_type=\"section\">\n\t\t\t\t\t\t<div class=\"elementor-container elementor-column-gap-default\">\n\t\t\t\t\t<div class=\"elementor-column elementor-col-100 elementor-top-column elementor-element elementor-element-ba19adb\" data-id=\"ba19adb\" data-element_type=\"column\">\n\t\t\t<div class=\"elementor-widget-wrap elementor-element-populated\">\n\t\t\t\t\t\t<div class=\"elementor-element elementor-element-b1a3258 elementor-widget elementor-widget-ColorMag-Posts-Block-2\" data-id=\"b1a3258\" data-element_type=\"widget\" data-widget_type=\"ColorMag-Posts-Block-2.default\">\n\t\t\t\t<div class=\"elementor-widget-container\">\n\t\t\t\n        <div class=\"tg-module-block tg-module-wrapper tg-module-block--style-2\">\n            \n\t\t<div class=\"tg-module-title-wrap\">\n\t\t\t<h4 class=\"module-title\">\n\t\t\t\t<span>Aktuelles<\/span>\n\t\t\t<\/h4>\n\t\t<\/div><!-- tg-module-title-wrap -->\n\n\t\t\n            <div class=\"tg-row\">\n                \n                    <div class=\"tg-col-control\">\n                        <div class=\"tg_module_block\">\n                                                            <figure class=\"tg-module-thumb\">\n                                    \t\t<a href=\"https:\/\/www.skiverein-luetzel.de\/?p=3197\" class=\"tg-thumb-link\">\n\t\t\t<img decoding=\"async\" width=\"392\" height=\"272\" src=\"https:\/\/www.skiverein-luetzel.de\/wp-content\/uploads\/2025\/11\/Laterne2025-392x272.jpg\" class=\"attachment-colormag-highlighted-post size-colormag-highlighted-post wp-post-image\" alt=\"\" srcset=\"https:\/\/www.skiverein-luetzel.de\/wp-content\/uploads\/2025\/11\/Laterne2025-392x272.jpg 392w, https:\/\/www.skiverein-luetzel.de\/wp-content\/uploads\/2025\/11\/Laterne2025-130x90.jpg 130w, https:\/\/www.skiverein-luetzel.de\/wp-content\/uploads\/2025\/11\/Laterne2025-600x417.jpg 600w\" sizes=\"(max-width: 392px) 100vw, 392px\" \/>\t\t<\/a>\n\t\t<div class=\"tg-post-categories\"><a href=\"https:\/\/www.skiverein-luetzel.de\/?cat=6\" style=\"background:#1e73be\" class=\"tg-post-category\" rel=\"category tag\">Aktuelles<\/a>&nbsp;<a href=\"https:\/\/www.skiverein-luetzel.de\/?cat=11\" class=\"tg-post-category\" rel=\"category tag\">Termine<\/a>&nbsp;<\/div>                                <\/figure>\n                            \n                            \t\t<h3 class=\"tg-module-title entry-title\">\n\t\t\t<a href=\"https:\/\/www.skiverein-luetzel.de\/?p=3197\">Einladung Laternenumzug 15.11.2025<\/a>\n\t\t<\/h3>\n\t\t\n\t\t<div class=\"tg-module-meta\">\n\t\t\t\n\t\t\t<span class=\"tg-post-date entry-date\">\n\t\t\t\t<a href=\"https:\/\/www.skiverein-luetzel.de\/?p=3197\" rel=\"bookmark\"><time class=\"entry-date published\" datetime=\"2025-11-12T20:12:40+01:00\">12. November 2025<\/time><time class=\"updated\" datetime=\"2025-11-12T20:30:05+01:00\">12. November 2025<\/time><\/a>\t\t\t<\/span>\n\n\t\t\t<span class=\"tg-post-auther-name author vcard\">\n\t\t\t\t<a class=\"url fn n\" href=\"https:\/\/www.skiverein-luetzel.de\/?author=4\">Michael Halbfas<\/a>\t\t\t<\/span>\n\n\t\t\t\t\t<\/div>\n\n\t\t\n                            <div class=\"tg-expert entry-content\">\n                                <p>Unser Laternenumzug steht an, wir freuen uns auf euch\ud83d\udcab\ud83d\udd6f\ufe0f\ud83c\udfeeAchtung, neue Strecke !!!Wir treffen uns um 17:00 Uhr auf dem Parkplatz<\/p>\n                            <\/div>\n\n                        <\/div>\n                    <\/div>\n\n                \n                    <div class=\"tg-col-control\">\n                        <div class=\"tg_module_block\">\n                                                            <figure class=\"tg-module-thumb\">\n                                    \t\t<a href=\"https:\/\/www.skiverein-luetzel.de\/?p=3181\" class=\"tg-thumb-link\">\n\t\t\t<img loading=\"lazy\" decoding=\"async\" width=\"392\" height=\"272\" src=\"https:\/\/www.skiverein-luetzel.de\/wp-content\/uploads\/2025\/08\/baumpflanzen2025-392x272.jpg\" class=\"attachment-colormag-highlighted-post size-colormag-highlighted-post wp-post-image\" alt=\"\" srcset=\"https:\/\/www.skiverein-luetzel.de\/wp-content\/uploads\/2025\/08\/baumpflanzen2025-392x272.jpg 392w, https:\/\/www.skiverein-luetzel.de\/wp-content\/uploads\/2025\/08\/baumpflanzen2025-130x90.jpg 130w, https:\/\/www.skiverein-luetzel.de\/wp-content\/uploads\/2025\/08\/baumpflanzen2025-600x417.jpg 600w\" sizes=\"(max-width: 392px) 100vw, 392px\" \/>\t\t<\/a>\n\t\t<div class=\"tg-post-categories\"><a href=\"https:\/\/www.skiverein-luetzel.de\/?cat=6\" style=\"background:#1e73be\" class=\"tg-post-category\" rel=\"category tag\">Aktuelles<\/a>&nbsp;<\/div>                                <\/figure>\n                            \n                            \t\t<h3 class=\"tg-module-title entry-title\">\n\t\t\t<a href=\"https:\/\/www.skiverein-luetzel.de\/?p=3181\">Baumpflanz Challenge 2025<\/a>\n\t\t<\/h3>\n\t\t\n\t\t<div class=\"tg-module-meta\">\n\t\t\t\n\t\t\t<span class=\"tg-post-date entry-date\">\n\t\t\t\t<a href=\"https:\/\/www.skiverein-luetzel.de\/?p=3181\" rel=\"bookmark\"><time class=\"entry-date published\" datetime=\"2025-08-20T20:54:50+02:00\">20. August 2025<\/time><time class=\"updated\" datetime=\"2025-08-20T21:07:48+02:00\">20. August 2025<\/time><\/a>\t\t\t<\/span>\n\n\t\t\t<span class=\"tg-post-auther-name author vcard\">\n\t\t\t\t<a class=\"url fn n\" href=\"https:\/\/www.skiverein-luetzel.de\/?author=4\">Michael Halbfas<\/a>\t\t\t<\/span>\n\n\t\t\t\t\t<\/div>\n\n\t\t\n                            <div class=\"tg-expert entry-content\">\n                                <p>Der Heimatverein L\u00fctzel hat uns herausgefordert und wir haben abgeliefert!Jetzt geben wir den Staffelstab weiter an: Kreissportbund und Sportjugend Siegen-Wittgenstein<\/p>\n                            <\/div>\n\n                        <\/div>\n                    <\/div>\n\n                \n                    <div class=\"tg-col-control\">\n                        <div class=\"tg_module_block\">\n                                                            <figure class=\"tg-module-thumb\">\n                                    \t\t<a href=\"https:\/\/www.skiverein-luetzel.de\/?p=3162\" class=\"tg-thumb-link\">\n\t\t\t<img loading=\"lazy\" decoding=\"async\" width=\"392\" height=\"272\" src=\"https:\/\/www.skiverein-luetzel.de\/wp-content\/uploads\/2025\/08\/Sommerfest2025-392x272.jpg\" class=\"attachment-colormag-highlighted-post size-colormag-highlighted-post wp-post-image\" alt=\"\" srcset=\"https:\/\/www.skiverein-luetzel.de\/wp-content\/uploads\/2025\/08\/Sommerfest2025-392x272.jpg 392w, https:\/\/www.skiverein-luetzel.de\/wp-content\/uploads\/2025\/08\/Sommerfest2025-130x90.jpg 130w, https:\/\/www.skiverein-luetzel.de\/wp-content\/uploads\/2025\/08\/Sommerfest2025-600x417.jpg 600w\" sizes=\"(max-width: 392px) 100vw, 392px\" \/>\t\t<\/a>\n\t\t<div class=\"tg-post-categories\"><a href=\"https:\/\/www.skiverein-luetzel.de\/?cat=6\" style=\"background:#1e73be\" class=\"tg-post-category\" rel=\"category tag\">Aktuelles<\/a>&nbsp;<a href=\"https:\/\/www.skiverein-luetzel.de\/?cat=11\" class=\"tg-post-category\" rel=\"category tag\">Termine<\/a>&nbsp;<\/div>                                <\/figure>\n                            \n                            \t\t<h3 class=\"tg-module-title entry-title\">\n\t\t\t<a href=\"https:\/\/www.skiverein-luetzel.de\/?p=3162\">Sommerfest 2025<\/a>\n\t\t<\/h3>\n\t\t\n\t\t<div class=\"tg-module-meta\">\n\t\t\t\n\t\t\t<span class=\"tg-post-date entry-date\">\n\t\t\t\t<a href=\"https:\/\/www.skiverein-luetzel.de\/?p=3162\" rel=\"bookmark\"><time class=\"entry-date published\" datetime=\"2025-08-15T21:18:26+02:00\">15. August 2025<\/time><time class=\"updated\" datetime=\"2025-11-12T20:37:16+01:00\">12. November 2025<\/time><\/a>\t\t\t<\/span>\n\n\t\t\t<span class=\"tg-post-auther-name author vcard\">\n\t\t\t\t<a class=\"url fn n\" href=\"https:\/\/www.skiverein-luetzel.de\/?author=4\">Michael Halbfas<\/a>\t\t\t<\/span>\n\n\t\t\t\t\t<\/div>\n\n\t\t\n                            <div class=\"tg-expert entry-content\">\n                                <p>Am Samstag, dem 06.09.2025, ist es wieder soweit: Das Sommerfest des Skivereins findet am Badeweiher statt. Wir starten um 14<\/p>\n                            <\/div>\n\n                        <\/div>\n                    <\/div>\n\n                            <\/div>\n        <\/div>\n\n        \t\t<\/div>\n\t\t\t\t<\/div>\n\t\t\t\t\t<\/div>\n\t\t<\/div>\n\t\t\t\t\t<\/div>\n\t\t<\/section>\n\t\t\t\t<section class=\"elementor-section elementor-top-section elementor-element elementor-element-622771c elementor-section-boxed elementor-section-height-default elementor-section-height-default\" data-id=\"622771c\" data-element_type=\"section\">\n\t\t\t\t\t\t<div class=\"elementor-container elementor-column-gap-default\">\n\t\t\t\t\t<div class=\"elementor-column elementor-col-100 elementor-top-column elementor-element elementor-element-587c626\" data-id=\"587c626\" data-element_type=\"column\">\n\t\t\t<div class=\"elementor-widget-wrap elementor-element-populated\">\n\t\t\t\t\t\t<div class=\"elementor-element elementor-element-ecb43f6 elementor-widget elementor-widget-text-editor\" data-id=\"ecb43f6\" data-element_type=\"widget\" data-widget_type=\"text-editor.default\">\n\t\t\t\t<div class=\"elementor-widget-container\">\n\t\t\t\t\t\t\t<h4><a href=\"https:\/\/www.skiverein-luetzel.de\/?page_id=2709\">\u00e4ltere Beitr\u00e4ge\u00a0<\/a><\/h4>\t\t\t\t\t\t<\/div>\n\t\t\t\t<\/div>\n\t\t\t\t\t<\/div>\n\t\t<\/div>\n\t\t\t\t\t<\/div>\n\t\t<\/section>\n\t\t\t\t<\/div>\n\t\t","protected":false},"excerpt":{"rendered":"<p>Herzlich Willkommen Wir w\u00fcnschen viel Spa\u00df beim St\u00f6bern auf unserer Seite und freuen uns, Euch den Verein und das Vereinsleben<\/p>\n","protected":false},"author":1,"featured_media":0,"parent":0,"menu_order":0,"comment_status":"closed","ping_status":"closed","template":"","meta":{"footnotes":""},"class_list":["post-57","page","type-page","status-publish","hentry"],"_links":{"self":[{"href":"https:\/\/www.skiverein-luetzel.de\/index.php?rest_route=\/wp\/v2\/pages\/57","targetHints":{"allow":["GET"]}}],"collection":[{"href":"https:\/\/www.skiverein-luetzel.de\/index.php?rest_route=\/wp\/v2\/pages"}],"about":[{"href":"https:\/\/www.skiverein-luetzel.de\/index.php?rest_route=\/wp\/v2\/types\/page"}],"author":[{"embeddable":true,"href":"https:\/\/www.skiverein-luetzel.de\/index.php?rest_route=\/wp\/v2\/users\/1"}],"replies":[{"embeddable":true,"href":"https:\/\/www.skiverein-luetzel.de\/index.php?rest_route=%2Fwp%2Fv2%2Fcomments&post=57"}],"version-history":[{"count":12,"href":"https:\/\/www.skiverein-luetzel.de\/index.php?rest_route=\/wp\/v2\/pages\/57\/revisions"}],"predecessor-version":[{"id":3208,"href":"https:\/\/www.skiverein-luetzel.de\/index.php?rest_route=\/wp\/v2\/pages\/57\/revisions\/3208"}],"wp:attachment":[{"href":"https:\/\/www.skiverein-luetzel.de\/index.php?rest_route=%2Fwp%2Fv2%2Fmedia&parent=57"}],"curies":[{"name":"wp","href":"https:\/\/api.w.org\/{rel}","templated":true}]}}