{"id":37,"date":"2019-09-05T21:01:27","date_gmt":"2019-09-05T19:01:27","guid":{"rendered":"http:\/\/neuehomepage.skiverein-luetzel.de\/?page_id=37"},"modified":"2020-02-15T12:35:27","modified_gmt":"2020-02-15T11:35:27","slug":"diegeschichte","status":"publish","type":"page","link":"https:\/\/www.skiverein-luetzel.de\/?page_id=37","title":{"rendered":"Vereinsgeschichte"},"content":{"rendered":"\t\t<div data-elementor-type=\"wp-page\" data-elementor-id=\"37\" class=\"elementor elementor-37\">\n\t\t\t\t\t\t<section class=\"elementor-section elementor-top-section elementor-element elementor-element-9162700 elementor-section-boxed elementor-section-height-default elementor-section-height-default\" data-id=\"9162700\" data-element_type=\"section\">\n\t\t\t\t\t\t<div class=\"elementor-container elementor-column-gap-default\">\n\t\t\t\t\t<div class=\"elementor-column elementor-col-100 elementor-top-column elementor-element elementor-element-690e7d8\" data-id=\"690e7d8\" data-element_type=\"column\">\n\t\t\t<div class=\"elementor-widget-wrap elementor-element-populated\">\n\t\t\t\t\t\t<div class=\"elementor-element elementor-element-ee3d382 elementor-widget elementor-widget-heading\" data-id=\"ee3d382\" data-element_type=\"widget\" data-widget_type=\"heading.default\">\n\t\t\t\t<div class=\"elementor-widget-container\">\n\t\t\t<h2 class=\"elementor-heading-title elementor-size-default\">Vereinsgeschichte<\/h2>\t\t<\/div>\n\t\t\t\t<\/div>\n\t\t\t\t\t<\/div>\n\t\t<\/div>\n\t\t\t\t\t<\/div>\n\t\t<\/section>\n\t\t\t\t<section class=\"elementor-section elementor-top-section elementor-element elementor-element-9216f62 elementor-section-boxed elementor-section-height-default elementor-section-height-default\" data-id=\"9216f62\" data-element_type=\"section\">\n\t\t\t\t\t\t<div class=\"elementor-container elementor-column-gap-no\">\n\t\t\t\t\t<div class=\"elementor-column elementor-col-50 elementor-top-column elementor-element elementor-element-72c54d3\" data-id=\"72c54d3\" data-element_type=\"column\">\n\t\t\t<div class=\"elementor-widget-wrap elementor-element-populated\">\n\t\t\t\t\t\t<div class=\"elementor-element elementor-element-f66d5c0 elementor-widget elementor-widget-text-editor\" data-id=\"f66d5c0\" data-element_type=\"widget\" data-widget_type=\"text-editor.default\">\n\t\t\t\t<div class=\"elementor-widget-container\">\n\t\t\t\t\t\t\t<p>L\u00fctzel und der Wintersport geh\u00f6ren schon immer zusammen. Bereits vor dem 1. Weltkrieg hatte der Siegener Fabrikant Oskar Waldrich die erste Sprungschanze auf dem Giller errichtet. In den 20er Jahren wurde diese durch eine Holzkonstruktion erg\u00e4nzt. 1952 erfolgte die Vereinsgr\u00fcndung durch Hugo Zimmermann und Friedhelm Wiesel mit damals 52 sportbegeisterten Mitgliedern.<\/p><p>Durch die optimalen Trainingsbedingungen machten um 1920, allen voran, die Skispringer der Region von sich reden. Einer der ersten L\u00fctzeler Springer war Ernst Bohn und der Hilchenbacher Gerd M\u00fcller, der den Beinahmen \u201eSki-M\u00fcller\u201c verliehen bekam. Die Ski Ausr\u00fcstungen wurden bis zum 2.Weltkrieg von der L\u00fctzeler Volksschule zur Verf\u00fcgung gestellt. W\u00e4hrend des Krieges ruhte auch der Wintersport in dem L\u00fctzeler Mittelgebirge.<\/p><p>Der Neuaufbau der Gillerschanze erfolgte in den Nachkriegsjahren und mit Vereinsgr\u00fcndung \u00fcbernahm der Skiverein die Sprungschanze. In den 50er und 60er Jahren z\u00e4hlten die dort ausgerichteten Sportveranstaltungen zu den regionalen Highlights. Der alpine Skisport nahm mit Errichtung zweier Schlepplifte (1968+1972) Einzug in das Vereinsgeschehen. In Kooperation mit der Liftgemeinschaft wurden optimale Skibedingungen geboten, wodurch auch ein Anstieg der Mitgliederzahl zu verzeichnen war.<\/p>\t\t\t\t\t\t<\/div>\n\t\t\t\t<\/div>\n\t\t\t\t\t<\/div>\n\t\t<\/div>\n\t\t\t\t<div class=\"elementor-column elementor-col-50 elementor-top-column elementor-element elementor-element-84059ac\" data-id=\"84059ac\" data-element_type=\"column\">\n\t\t\t<div class=\"elementor-widget-wrap elementor-element-populated\">\n\t\t\t\t\t\t<div class=\"elementor-element elementor-element-fbc5451 elementor-widget elementor-widget-image\" data-id=\"fbc5451\" data-element_type=\"widget\" data-widget_type=\"image.default\">\n\t\t\t\t<div class=\"elementor-widget-container\">\n\t\t\t\t\t\t\t\t\t\t\t\t\t<img fetchpriority=\"high\" decoding=\"async\" width=\"397\" height=\"400\" src=\"https:\/\/www.skiverein-luetzel.de\/wp-content\/uploads\/2020\/02\/G\u00f6rrerts0007.jpg\" class=\"attachment-large size-large wp-image-688\" alt=\"\" srcset=\"https:\/\/www.skiverein-luetzel.de\/wp-content\/uploads\/2020\/02\/G\u00f6rrerts0007.jpg 397w, https:\/\/www.skiverein-luetzel.de\/wp-content\/uploads\/2020\/02\/G\u00f6rrerts0007-298x300.jpg 298w, https:\/\/www.skiverein-luetzel.de\/wp-content\/uploads\/2020\/02\/G\u00f6rrerts0007-150x150.jpg 150w\" sizes=\"(max-width: 397px) 100vw, 397px\" \/>\t\t\t\t\t\t\t\t\t\t\t\t\t<\/div>\n\t\t\t\t<\/div>\n\t\t\t\t\t<\/div>\n\t\t<\/div>\n\t\t\t\t\t<\/div>\n\t\t<\/section>\n\t\t\t\t<section class=\"elementor-section elementor-top-section elementor-element elementor-element-24bd9bc elementor-section-boxed elementor-section-height-default elementor-section-height-default\" data-id=\"24bd9bc\" data-element_type=\"section\">\n\t\t\t\t\t\t<div class=\"elementor-container elementor-column-gap-no\">\n\t\t\t\t\t<div class=\"elementor-column elementor-col-50 elementor-top-column elementor-element elementor-element-1958bf9\" data-id=\"1958bf9\" data-element_type=\"column\">\n\t\t\t<div class=\"elementor-widget-wrap elementor-element-populated\">\n\t\t\t\t\t\t<div class=\"elementor-element elementor-element-1ba0df1 elementor-widget elementor-widget-image\" data-id=\"1ba0df1\" data-element_type=\"widget\" data-widget_type=\"image.default\">\n\t\t\t\t<div class=\"elementor-widget-container\">\n\t\t\t\t\t\t\t\t\t\t\t\t\t<img decoding=\"async\" width=\"400\" height=\"350\" src=\"https:\/\/www.skiverein-luetzel.de\/wp-content\/uploads\/2020\/02\/Goerrerts0006.jpg\" class=\"attachment-large size-large wp-image-691\" alt=\"\" srcset=\"https:\/\/www.skiverein-luetzel.de\/wp-content\/uploads\/2020\/02\/Goerrerts0006.jpg 400w, https:\/\/www.skiverein-luetzel.de\/wp-content\/uploads\/2020\/02\/Goerrerts0006-300x263.jpg 300w\" sizes=\"(max-width: 400px) 100vw, 400px\" \/>\t\t\t\t\t\t\t\t\t\t\t\t\t<\/div>\n\t\t\t\t<\/div>\n\t\t\t\t\t<\/div>\n\t\t<\/div>\n\t\t\t\t<div class=\"elementor-column elementor-col-50 elementor-top-column elementor-element elementor-element-bda4510\" data-id=\"bda4510\" data-element_type=\"column\">\n\t\t\t<div class=\"elementor-widget-wrap elementor-element-populated\">\n\t\t\t\t\t\t<div class=\"elementor-element elementor-element-cfbbe8d elementor-widget elementor-widget-text-editor\" data-id=\"cfbbe8d\" data-element_type=\"widget\" data-widget_type=\"text-editor.default\">\n\t\t\t\t<div class=\"elementor-widget-container\">\n\t\t\t\t\t\t\t<p>In den 80er Jahren erfolgte die Mitgliedschaft im Turngau Siegerland, um eine Ausweichm\u00f6glichkeit zu den schnee\u00e4rmeren Wintern bieten zu k\u00f6nnen. Dass wir L\u00fctzeler nicht nur fit auf Ski sondern auch in anderen Sportarten sind, haben wir seitdem auf verschiedenen Wettk\u00e4mpfen bewiesen. Die Teilnahme am Gillersportfest war gerade in den 80er und 90er Jahren ein fester Bestandteil und mit gemeinsamen Zelten auch f\u00fcr das Vereinsleben eine tolle Sache.<\/p><p>1992 erfolgte die Fusion mit dem \u00f6rtlichen Schwimmverein und seitdem steht unser \u201eBadeweiher\u201c den Mitgliedern in den Sommermonaten zur Verf\u00fcgung. In dem, durch die Eder gespeisten, Naturfreibad l\u00e4sst sich hervorragend Abk\u00fchlung suchen und auf der Liegewiese prima entspannen. Die letzten drei Wochen im Juli findet dort unser traditioneller Zelten am Badeweiher statt.<\/p><p>Ebenfalls in den 90igern erfolgte die sportliche Umorientierung auf die Sommermonate. Die schnee\u00e4rmeren Winter verlangten, dass wir die Skier gegen Rollen tauschten und so wurde an den ersten Rollskiwettk\u00e4mpfen in der Region teilgenommen. Der Rollski ist ein Trainingsger\u00e4t f\u00fcr Skilangl\u00e4ufer und statt auf Schnee, wird auf Asphalt gerollert.\u00a0<\/p>\t\t\t\t\t\t<\/div>\n\t\t\t\t<\/div>\n\t\t\t\t\t<\/div>\n\t\t<\/div>\n\t\t\t\t\t<\/div>\n\t\t<\/section>\n\t\t\t\t<section class=\"elementor-section elementor-top-section elementor-element elementor-element-dcb2221 elementor-section-boxed elementor-section-height-default elementor-section-height-default\" data-id=\"dcb2221\" data-element_type=\"section\">\n\t\t\t\t\t\t<div class=\"elementor-container elementor-column-gap-no\">\n\t\t\t\t\t<div class=\"elementor-column elementor-col-100 elementor-top-column elementor-element elementor-element-8107788\" data-id=\"8107788\" data-element_type=\"column\">\n\t\t\t<div class=\"elementor-widget-wrap elementor-element-populated\">\n\t\t\t\t\t\t<div class=\"elementor-element elementor-element-30a85ad elementor-widget elementor-widget-text-editor\" data-id=\"30a85ad\" data-element_type=\"widget\" data-widget_type=\"text-editor.default\">\n\t\t\t\t<div class=\"elementor-widget-container\">\n\t\t\t\t\t\t\t<p>Schnell konnten wir hier mit einem starken Team viele Erfolge erringen. Unter anderem waren bzw. sind zum Teil noch Harald Treude, Peter Gr\u00fcnert, J\u00fcrgen Treude, Michael Langenhagen und Tina Willert f\u00fcr das deutsche Nationalteam am Start. Der Skiroller lies auch Beziehungen zu unserer Partnerstadt Seiffen im Erzgebirge aufleben. Hier wurde n\u00e4mlich ebenfalls auf dem Skiroller trainiert und auf verschiedenen Trainingsbesuchen fand ein reger Austausch statt und es haben sich feste Freundschaften entwickelt.<\/p>\t\t\t\t\t\t<\/div>\n\t\t\t\t<\/div>\n\t\t\t\t\t<\/div>\n\t\t<\/div>\n\t\t\t\t\t<\/div>\n\t\t<\/section>\n\t\t\t\t<section class=\"elementor-section elementor-top-section elementor-element elementor-element-48ce680 elementor-section-boxed elementor-section-height-default elementor-section-height-default\" data-id=\"48ce680\" data-element_type=\"section\">\n\t\t\t\t\t\t<div class=\"elementor-container elementor-column-gap-no\">\n\t\t\t\t\t<div class=\"elementor-column elementor-col-50 elementor-top-column elementor-element elementor-element-d34aa08\" data-id=\"d34aa08\" data-element_type=\"column\">\n\t\t\t<div class=\"elementor-widget-wrap elementor-element-populated\">\n\t\t\t\t\t\t<div class=\"elementor-element elementor-element-9e3cfb5 elementor-widget elementor-widget-text-editor\" data-id=\"9e3cfb5\" data-element_type=\"widget\" data-widget_type=\"text-editor.default\">\n\t\t\t\t<div class=\"elementor-widget-container\">\n\t\t\t\t\t\t\t<p>Auch der alpine Skisport wurde zur der Zeit in den Sommer verlegt und ein engagierter Trupp d\u00fcste auf Grasskieren die H\u00e4nge der Region herunter. Diese Sparte hat sich allerdings nicht fest im Vereinsleben etablieren k\u00f6nnen.<\/p><p>Heute k\u00f6nnen wir nicht nur auf die Erfolge zur\u00fcckblicken, sondern bei uns wird weiterhin Sport gelebt. Die Abteilung Rollski ist immer noch national und international aktiv. Seit einigen Jahren haben wir auch eine feste Gruppe Nordic Walker. Jeden Dienstag werden die L\u00fctzeler W\u00e4lder unsicher gemacht und kleinere oder gr\u00f6\u00dfere Runden gedreht. Nat\u00fcrlich bleibt auch hier der Ehrgeiz nicht auf der Strecke und es wird sich bei verschiedenen Wettk\u00e4mpfen gemessen und nennenswerte Erfolge erzielt. Wir spielen im Team Fu\u00dfball, nehmen an verschiedenen Laufwettk\u00e4mpfen teil, bieten Kindersportm\u00f6glichkeiten und weiterhin unseren Wintersport an. Bei entsprechender Schneelage steht das gro\u00dfe L\u00fctzeler Loipennetz sowie ein gut pr\u00e4parierter Alpinhang, dank der Anschaffung unseres neuen Pistenbullys, auch weiterhin allen zur Verf\u00fcgung.<\/p><p>\u00a0<\/p>\t\t\t\t\t\t<\/div>\n\t\t\t\t<\/div>\n\t\t\t\t\t<\/div>\n\t\t<\/div>\n\t\t\t\t<div class=\"elementor-column elementor-col-50 elementor-top-column elementor-element elementor-element-e675b0f\" data-id=\"e675b0f\" data-element_type=\"column\">\n\t\t\t<div class=\"elementor-widget-wrap elementor-element-populated\">\n\t\t\t\t\t\t<div class=\"elementor-element elementor-element-c212c77 elementor-widget elementor-widget-image\" data-id=\"c212c77\" data-element_type=\"widget\" data-widget_type=\"image.default\">\n\t\t\t\t<div class=\"elementor-widget-container\">\n\t\t\t\t\t\t\t\t\t\t\t\t\t<img decoding=\"async\" width=\"400\" height=\"328\" src=\"https:\/\/www.skiverein-luetzel.de\/wp-content\/uploads\/2020\/02\/G\u00f6rrerts0046.jpg\" class=\"attachment-large size-large wp-image-696\" alt=\"\" srcset=\"https:\/\/www.skiverein-luetzel.de\/wp-content\/uploads\/2020\/02\/G\u00f6rrerts0046.jpg 400w, https:\/\/www.skiverein-luetzel.de\/wp-content\/uploads\/2020\/02\/G\u00f6rrerts0046-300x246.jpg 300w\" sizes=\"(max-width: 400px) 100vw, 400px\" \/>\t\t\t\t\t\t\t\t\t\t\t\t\t<\/div>\n\t\t\t\t<\/div>\n\t\t\t\t\t<\/div>\n\t\t<\/div>\n\t\t\t\t\t<\/div>\n\t\t<\/section>\n\t\t\t\t<section class=\"elementor-section elementor-top-section elementor-element elementor-element-36c4256 elementor-section-boxed elementor-section-height-default elementor-section-height-default\" data-id=\"36c4256\" data-element_type=\"section\">\n\t\t\t\t\t\t<div class=\"elementor-container elementor-column-gap-no\">\n\t\t\t\t\t<div class=\"elementor-column elementor-col-100 elementor-top-column elementor-element elementor-element-429c962\" data-id=\"429c962\" data-element_type=\"column\">\n\t\t\t<div class=\"elementor-widget-wrap elementor-element-populated\">\n\t\t\t\t\t\t<div class=\"elementor-element elementor-element-5418ea4 elementor-widget elementor-widget-text-editor\" data-id=\"5418ea4\" data-element_type=\"widget\" data-widget_type=\"text-editor.default\">\n\t\t\t\t<div class=\"elementor-widget-container\">\n\t\t\t\t\t\t\t<p>Soviel sportlicher Ehrgeiz wird nat\u00fcrlich mit geselligem Beisammensein abgerundet. Als Ausrichter unseres traditionellen Osterfeuers sind wir schon seit vielen Jahren aktiv. Ebenfalls richten wir jedes Jahr ein Sommerfest aus, auf dem verschiedenen Aktionen geboten werden. Die j\u00e4hrliche Kanutour ist immer wieder ein Highlight und unsere Laternenumzug gut besucht. Wir freuen uns dar\u00fcber, dass die Veranstaltungen bei so vielen als fester Bestandteil in den Terminkalendern stehen.<\/p><p>Denn nicht zuletzt ist ein Verein immer nur so gut, wie die Mitglieder. Und wir freuen uns \u00fcber alle aktiven Sportler aber auch \u00fcber alle helfenden H\u00e4nde die eben den Sport erst erm\u00f6glichen. Daher an jedes Mitglied einen herzlichen Dank.<\/p>\t\t\t\t\t\t<\/div>\n\t\t\t\t<\/div>\n\t\t\t\t\t<\/div>\n\t\t<\/div>\n\t\t\t\t\t<\/div>\n\t\t<\/section>\n\t\t\t\t<\/div>\n\t\t","protected":false},"excerpt":{"rendered":"<p>Vereinsgeschichte L\u00fctzel und der Wintersport geh\u00f6ren schon immer zusammen. Bereits vor dem 1. Weltkrieg hatte der Siegener Fabrikant Oskar Waldrich<\/p>\n","protected":false},"author":1,"featured_media":0,"parent":2,"menu_order":0,"comment_status":"closed","ping_status":"closed","template":"","meta":{"footnotes":""},"class_list":["post-37","page","type-page","status-publish","hentry"],"_links":{"self":[{"href":"https:\/\/www.skiverein-luetzel.de\/index.php?rest_route=\/wp\/v2\/pages\/37","targetHints":{"allow":["GET"]}}],"collection":[{"href":"https:\/\/www.skiverein-luetzel.de\/index.php?rest_route=\/wp\/v2\/pages"}],"about":[{"href":"https:\/\/www.skiverein-luetzel.de\/index.php?rest_route=\/wp\/v2\/types\/page"}],"author":[{"embeddable":true,"href":"https:\/\/www.skiverein-luetzel.de\/index.php?rest_route=\/wp\/v2\/users\/1"}],"replies":[{"embeddable":true,"href":"https:\/\/www.skiverein-luetzel.de\/index.php?rest_route=%2Fwp%2Fv2%2Fcomments&post=37"}],"version-history":[{"count":0,"href":"https:\/\/www.skiverein-luetzel.de\/index.php?rest_route=\/wp\/v2\/pages\/37\/revisions"}],"up":[{"embeddable":true,"href":"https:\/\/www.skiverein-luetzel.de\/index.php?rest_route=\/wp\/v2\/pages\/2"}],"wp:attachment":[{"href":"https:\/\/www.skiverein-luetzel.de\/index.php?rest_route=%2Fwp%2Fv2%2Fmedia&parent=37"}],"curies":[{"name":"wp","href":"https:\/\/api.w.org\/{rel}","templated":true}]}}