{"id":2709,"date":"2023-11-04T21:01:46","date_gmt":"2023-11-04T20:01:46","guid":{"rendered":"https:\/\/www.skiverein-luetzel.de\/?page_id=2709"},"modified":"2023-11-04T21:17:15","modified_gmt":"2023-11-04T20:17:15","slug":"archiv","status":"publish","type":"page","link":"https:\/\/www.skiverein-luetzel.de\/?page_id=2709","title":{"rendered":"Archiv1"},"content":{"rendered":"\t\t<div data-elementor-type=\"wp-page\" data-elementor-id=\"2709\" class=\"elementor elementor-2709\">\n\t\t\t\t\t\t<section class=\"elementor-section elementor-top-section elementor-element elementor-element-9b98002 elementor-section-boxed elementor-section-height-default elementor-section-height-default\" data-id=\"9b98002\" data-element_type=\"section\">\n\t\t\t\t\t\t<div class=\"elementor-container elementor-column-gap-default\">\n\t\t\t\t\t<div class=\"elementor-column elementor-col-100 elementor-top-column elementor-element elementor-element-e604fd1\" data-id=\"e604fd1\" data-element_type=\"column\">\n\t\t\t<div class=\"elementor-widget-wrap elementor-element-populated\">\n\t\t\t\t\t\t<div class=\"elementor-element elementor-element-fdf8b76 elementor-widget elementor-widget-ColorMag-Posts-Block-4\" data-id=\"fdf8b76\" data-element_type=\"widget\" data-widget_type=\"ColorMag-Posts-Block-4.default\">\n\t\t\t\t<div class=\"elementor-widget-container\">\n\t\t\t\n        <div class=\"tg-module-block tg-module-block--style-4 tg-module-wrapper\">\n            \n\t\t<div class=\"tg-module-title-wrap\">\n\t\t\t<h4 class=\"module-title\">\n\t\t\t\t<span>Arichv<\/span>\n\t\t\t<\/h4>\n\t\t<\/div><!-- tg-module-title-wrap -->\n\n\t\t\n                <div class=\"tg_module_block tg-row\">\n                                            <figure class=\"tg-module-thumb tg-col-control\">\n                            \t\t<a href=\"https:\/\/www.skiverein-luetzel.de\/?p=3157\" class=\"tg-thumb-link\">\n\t\t\t<img fetchpriority=\"high\" decoding=\"async\" width=\"392\" height=\"272\" src=\"https:\/\/www.skiverein-luetzel.de\/wp-content\/uploads\/2020\/02\/Kanutour01-392x272.jpg\" class=\"attachment-colormag-highlighted-post size-colormag-highlighted-post wp-post-image\" alt=\"\" srcset=\"https:\/\/www.skiverein-luetzel.de\/wp-content\/uploads\/2020\/02\/Kanutour01-392x272.jpg 392w, https:\/\/www.skiverein-luetzel.de\/wp-content\/uploads\/2020\/02\/Kanutour01-130x90.jpg 130w, https:\/\/www.skiverein-luetzel.de\/wp-content\/uploads\/2020\/02\/Kanutour01-600x417.jpg 600w\" sizes=\"(max-width: 392px) 100vw, 392px\" \/>\t\t<\/a>\n\t\t                        <\/figure>\n                    \n                    <div class=\"tg-module-info tg-col-control\">\n                        \t\t<h3 class=\"tg-module-title entry-title\">\n\t\t\t<a href=\"https:\/\/www.skiverein-luetzel.de\/?p=3157\">Kanutour\u00a024.08.2025<\/a>\n\t\t<\/h3>\n\t\t\n\t\t<div class=\"tg-module-meta\">\n\t\t\t\n\t\t\t<span class=\"tg-post-date entry-date\">\n\t\t\t\t<a href=\"https:\/\/www.skiverein-luetzel.de\/?p=3157\" rel=\"bookmark\"><time class=\"entry-date published\" datetime=\"2025-08-15T21:12:17+02:00\">15. August 2025<\/time><time class=\"updated\" datetime=\"2025-11-12T20:39:37+01:00\">12. November 2025<\/time><\/a>\t\t\t<\/span>\n\n\t\t\t<span class=\"tg-post-auther-name author vcard\">\n\t\t\t\t<a class=\"url fn n\" href=\"https:\/\/www.skiverein-luetzel.de\/?author=4\">Michael Halbfas<\/a>\t\t\t<\/span>\n\n\t\t\t\t\t<\/div>\n\n\t\t\n                        <div class=\"tg-excerpt entry-content\">\n                            <p>Es ist fast so weit. Am n\u00e4chsten Wochenende, dem 24.08.2025, ist die Kanutour. Organisiert wird die Tour wieder von Heike<\/p>\n                        <\/div>\n                    <\/div>\n                <\/div>\n\n            \n                <div class=\"tg_module_block tg-row\">\n                                            <figure class=\"tg-module-thumb tg-col-control\">\n                            \t\t<a href=\"https:\/\/www.skiverein-luetzel.de\/?p=3128\" class=\"tg-thumb-link\">\n\t\t\t<img decoding=\"async\" width=\"392\" height=\"272\" src=\"https:\/\/www.skiverein-luetzel.de\/wp-content\/uploads\/2025\/04\/JHV2_025-392x272.jpg\" class=\"attachment-colormag-highlighted-post size-colormag-highlighted-post wp-post-image\" alt=\"\" srcset=\"https:\/\/www.skiverein-luetzel.de\/wp-content\/uploads\/2025\/04\/JHV2_025-392x272.jpg 392w, https:\/\/www.skiverein-luetzel.de\/wp-content\/uploads\/2025\/04\/JHV2_025-130x90.jpg 130w, https:\/\/www.skiverein-luetzel.de\/wp-content\/uploads\/2025\/04\/JHV2_025-600x417.jpg 600w\" sizes=\"(max-width: 392px) 100vw, 392px\" \/>\t\t<\/a>\n\t\t                        <\/figure>\n                    \n                    <div class=\"tg-module-info tg-col-control\">\n                        \t\t<h3 class=\"tg-module-title entry-title\">\n\t\t\t<a href=\"https:\/\/www.skiverein-luetzel.de\/?p=3128\">Jahreshauptversammlung 2025 &#8211; UPDATE &#8211;<\/a>\n\t\t<\/h3>\n\t\t\n\t\t<div class=\"tg-module-meta\">\n\t\t\t\n\t\t\t<span class=\"tg-post-date entry-date\">\n\t\t\t\t<a href=\"https:\/\/www.skiverein-luetzel.de\/?p=3128\" rel=\"bookmark\"><time class=\"entry-date published\" datetime=\"2025-05-10T22:58:23+02:00\">10. Mai 2025<\/time><time class=\"updated\" datetime=\"2025-11-12T20:38:33+01:00\">12. November 2025<\/time><\/a>\t\t\t<\/span>\n\n\t\t\t<span class=\"tg-post-auther-name author vcard\">\n\t\t\t\t<a class=\"url fn n\" href=\"https:\/\/www.skiverein-luetzel.de\/?author=4\">Michael Halbfas<\/a>\t\t\t<\/span>\n\n\t\t\t\t\t<\/div>\n\n\t\t\n                        <div class=\"tg-excerpt entry-content\">\n                            <p>Hallo liebe Vereinsmitglieder, die Versammlung wurde am 08.05.2025 erfolgreich abgehalten. Das Protokoll zu der Versammlung k\u00f6nnt Ihr Euch hier herunterladen.<\/p>\n                        <\/div>\n                    <\/div>\n                <\/div>\n\n            \n                <div class=\"tg_module_block tg-row\">\n                                            <figure class=\"tg-module-thumb tg-col-control\">\n                            \t\t<a href=\"https:\/\/www.skiverein-luetzel.de\/?p=3120\" class=\"tg-thumb-link\">\n\t\t\t<img decoding=\"async\" width=\"392\" height=\"272\" src=\"https:\/\/www.skiverein-luetzel.de\/wp-content\/uploads\/2023\/03\/My-project-392x272.png\" class=\"attachment-colormag-highlighted-post size-colormag-highlighted-post wp-post-image\" alt=\"\" srcset=\"https:\/\/www.skiverein-luetzel.de\/wp-content\/uploads\/2023\/03\/My-project-392x272.png 392w, https:\/\/www.skiverein-luetzel.de\/wp-content\/uploads\/2023\/03\/My-project-130x90.png 130w, https:\/\/www.skiverein-luetzel.de\/wp-content\/uploads\/2023\/03\/My-project-600x417.png 600w\" sizes=\"(max-width: 392px) 100vw, 392px\" \/>\t\t<\/a>\n\t\t                        <\/figure>\n                    \n                    <div class=\"tg-module-info tg-col-control\">\n                        \t\t<h3 class=\"tg-module-title entry-title\">\n\t\t\t<a href=\"https:\/\/www.skiverein-luetzel.de\/?p=3120\">Osterfeuer 2025<\/a>\n\t\t<\/h3>\n\t\t\n\t\t<div class=\"tg-module-meta\">\n\t\t\t\n\t\t\t<span class=\"tg-post-date entry-date\">\n\t\t\t\t<a href=\"https:\/\/www.skiverein-luetzel.de\/?p=3120\" rel=\"bookmark\"><time class=\"entry-date published\" datetime=\"2025-04-12T21:52:45+02:00\">12. April 2025<\/time><time class=\"updated\" datetime=\"2025-11-12T20:39:50+01:00\">12. November 2025<\/time><\/a>\t\t\t<\/span>\n\n\t\t\t<span class=\"tg-post-auther-name author vcard\">\n\t\t\t\t<a class=\"url fn n\" href=\"https:\/\/www.skiverein-luetzel.de\/?author=4\">Michael Halbfas<\/a>\t\t\t<\/span>\n\n\t\t\t\t\t<\/div>\n\n\t\t\n                        <div class=\"tg-excerpt entry-content\">\n                            <p>Der Skiverein l\u00e4dt euch herzlich zum traditionellen Osterfeuer ein! Wir freuen uns auf einen gem\u00fctlichen Abend mit hoffentlich zahlreichen G\u00e4sten.<\/p>\n                        <\/div>\n                    <\/div>\n                <\/div>\n\n            \n                <div class=\"tg_module_block tg-row\">\n                                            <figure class=\"tg-module-thumb tg-col-control\">\n                            \t\t<a href=\"https:\/\/www.skiverein-luetzel.de\/?p=3086\" class=\"tg-thumb-link\">\n\t\t\t<img loading=\"lazy\" decoding=\"async\" width=\"392\" height=\"272\" src=\"https:\/\/www.skiverein-luetzel.de\/wp-content\/uploads\/2025\/01\/Meisterschaft2025-392x272.jpg\" class=\"attachment-colormag-highlighted-post size-colormag-highlighted-post wp-post-image\" alt=\"\" srcset=\"https:\/\/www.skiverein-luetzel.de\/wp-content\/uploads\/2025\/01\/Meisterschaft2025-392x272.jpg 392w, https:\/\/www.skiverein-luetzel.de\/wp-content\/uploads\/2025\/01\/Meisterschaft2025-130x90.jpg 130w, https:\/\/www.skiverein-luetzel.de\/wp-content\/uploads\/2025\/01\/Meisterschaft2025-600x417.jpg 600w\" sizes=\"(max-width: 392px) 100vw, 392px\" \/>\t\t<\/a>\n\t\t                        <\/figure>\n                    \n                    <div class=\"tg-module-info tg-col-control\">\n                        \t\t<h3 class=\"tg-module-title entry-title\">\n\t\t\t<a href=\"https:\/\/www.skiverein-luetzel.de\/?p=3086\">Vereinsmeisterschaften 2025<\/a>\n\t\t<\/h3>\n\t\t\n\t\t<div class=\"tg-module-meta\">\n\t\t\t\n\t\t\t<span class=\"tg-post-date entry-date\">\n\t\t\t\t<a href=\"https:\/\/www.skiverein-luetzel.de\/?p=3086\" rel=\"bookmark\"><time class=\"entry-date published\" datetime=\"2025-01-19T20:59:06+01:00\">19. Januar 2025<\/time><time class=\"updated\" datetime=\"2025-11-12T20:38:47+01:00\">12. November 2025<\/time><\/a>\t\t\t<\/span>\n\n\t\t\t<span class=\"tg-post-auther-name author vcard\">\n\t\t\t\t<a class=\"url fn n\" href=\"https:\/\/www.skiverein-luetzel.de\/?author=4\">Michael Halbfas<\/a>\t\t\t<\/span>\n\n\t\t\t\t\t<\/div>\n\n\t\t\n                        <div class=\"tg-excerpt entry-content\">\n                            <p>Am Sonntag, dem 19. Januar 2025, fanden die Vereinsmeisterschaften im Langlauf auf dem Gillersportplatz statt \u2013 ein voller Erfolg f\u00fcr<\/p>\n                        <\/div>\n                    <\/div>\n                <\/div>\n\n            \n                <div class=\"tg_module_block tg-row\">\n                                            <figure class=\"tg-module-thumb tg-col-control\">\n                            \t\t<a href=\"https:\/\/www.skiverein-luetzel.de\/?p=3073\" class=\"tg-thumb-link\">\n\t\t\t<img loading=\"lazy\" decoding=\"async\" width=\"392\" height=\"272\" src=\"https:\/\/www.skiverein-luetzel.de\/wp-content\/uploads\/2025\/01\/rueckenkurs-392x272.jpg\" class=\"attachment-colormag-highlighted-post size-colormag-highlighted-post wp-post-image\" alt=\"\" srcset=\"https:\/\/www.skiverein-luetzel.de\/wp-content\/uploads\/2025\/01\/rueckenkurs-392x272.jpg 392w, https:\/\/www.skiverein-luetzel.de\/wp-content\/uploads\/2025\/01\/rueckenkurs-130x90.jpg 130w, https:\/\/www.skiverein-luetzel.de\/wp-content\/uploads\/2025\/01\/rueckenkurs-600x417.jpg 600w\" sizes=\"(max-width: 392px) 100vw, 392px\" \/>\t\t<\/a>\n\t\t                        <\/figure>\n                    \n                    <div class=\"tg-module-info tg-col-control\">\n                        \t\t<h3 class=\"tg-module-title entry-title\">\n\t\t\t<a href=\"https:\/\/www.skiverein-luetzel.de\/?p=3073\">R\u00fcckenfit Kurs<\/a>\n\t\t<\/h3>\n\t\t\n\t\t<div class=\"tg-module-meta\">\n\t\t\t\n\t\t\t<span class=\"tg-post-date entry-date\">\n\t\t\t\t<a href=\"https:\/\/www.skiverein-luetzel.de\/?p=3073\" rel=\"bookmark\"><time class=\"entry-date published\" datetime=\"2025-01-15T21:13:41+01:00\">15. Januar 2025<\/time><time class=\"updated\" datetime=\"2025-01-15T21:14:53+01:00\">15. Januar 2025<\/time><\/a>\t\t\t<\/span>\n\n\t\t\t<span class=\"tg-post-auther-name author vcard\">\n\t\t\t\t<a class=\"url fn n\" href=\"https:\/\/www.skiverein-luetzel.de\/?author=4\">Michael Halbfas<\/a>\t\t\t<\/span>\n\n\t\t\t\t\t<\/div>\n\n\t\t\n                        <div class=\"tg-excerpt entry-content\">\n                            <p>Ab dem 29.01 starten wir einen R\u00fcckenfit Kurs, 17 bis 18 Uhr. Der Kurs ist Krankenkassen zertifiziert und man kann<\/p>\n                        <\/div>\n                    <\/div>\n                <\/div>\n\n            \n                <div class=\"tg_module_block tg-row\">\n                                            <figure class=\"tg-module-thumb tg-col-control\">\n                            \t\t<a href=\"https:\/\/www.skiverein-luetzel.de\/?p=3064\" class=\"tg-thumb-link\">\n\t\t\t<img loading=\"lazy\" decoding=\"async\" width=\"392\" height=\"272\" src=\"https:\/\/www.skiverein-luetzel.de\/wp-content\/uploads\/2025\/01\/fitness2024-392x272.jpg\" class=\"attachment-colormag-highlighted-post size-colormag-highlighted-post wp-post-image\" alt=\"\" srcset=\"https:\/\/www.skiverein-luetzel.de\/wp-content\/uploads\/2025\/01\/fitness2024-392x272.jpg 392w, https:\/\/www.skiverein-luetzel.de\/wp-content\/uploads\/2025\/01\/fitness2024-130x90.jpg 130w, https:\/\/www.skiverein-luetzel.de\/wp-content\/uploads\/2025\/01\/fitness2024-600x417.jpg 600w\" sizes=\"(max-width: 392px) 100vw, 392px\" \/>\t\t<\/a>\n\t\t                        <\/figure>\n                    \n                    <div class=\"tg-module-info tg-col-control\">\n                        \t\t<h3 class=\"tg-module-title entry-title\">\n\t\t\t<a href=\"https:\/\/www.skiverein-luetzel.de\/?p=3064\">Drums Alive- und Tabata-Kurs<\/a>\n\t\t<\/h3>\n\t\t\n\t\t<div class=\"tg-module-meta\">\n\t\t\t\n\t\t\t<span class=\"tg-post-date entry-date\">\n\t\t\t\t<a href=\"https:\/\/www.skiverein-luetzel.de\/?p=3064\" rel=\"bookmark\"><time class=\"entry-date published\" datetime=\"2025-01-15T20:59:40+01:00\">15. Januar 2025<\/time><time class=\"updated\" datetime=\"2025-01-18T22:30:08+01:00\">18. Januar 2025<\/time><\/a>\t\t\t<\/span>\n\n\t\t\t<span class=\"tg-post-auther-name author vcard\">\n\t\t\t\t<a class=\"url fn n\" href=\"https:\/\/www.skiverein-luetzel.de\/?author=4\">Michael Halbfas<\/a>\t\t\t<\/span>\n\n\t\t\t\t\t<\/div>\n\n\t\t\n                        <div class=\"tg-excerpt entry-content\">\n                            <p>Unsere Drums Alive- und Tabata-Kurs finden ab Montags den 27.01.25 um 18.30- 20.00 Uhr alle zwei Wochen bis Ostern statt.<\/p>\n                        <\/div>\n                    <\/div>\n                <\/div>\n\n            \n                <div class=\"tg_module_block tg-row\">\n                                            <figure class=\"tg-module-thumb tg-col-control\">\n                            \t\t<a href=\"https:\/\/www.skiverein-luetzel.de\/?p=3056\" class=\"tg-thumb-link\">\n\t\t\t<img loading=\"lazy\" decoding=\"async\" width=\"392\" height=\"272\" src=\"https:\/\/www.skiverein-luetzel.de\/wp-content\/uploads\/2025\/01\/BeitragSkivereinVereinsmeisterschaften-2025-392x272.jpg\" class=\"attachment-colormag-highlighted-post size-colormag-highlighted-post wp-post-image\" alt=\"\" srcset=\"https:\/\/www.skiverein-luetzel.de\/wp-content\/uploads\/2025\/01\/BeitragSkivereinVereinsmeisterschaften-2025-392x272.jpg 392w, https:\/\/www.skiverein-luetzel.de\/wp-content\/uploads\/2025\/01\/BeitragSkivereinVereinsmeisterschaften-2025-130x90.jpg 130w, https:\/\/www.skiverein-luetzel.de\/wp-content\/uploads\/2025\/01\/BeitragSkivereinVereinsmeisterschaften-2025-600x417.jpg 600w\" sizes=\"(max-width: 392px) 100vw, 392px\" \/>\t\t<\/a>\n\t\t                        <\/figure>\n                    \n                    <div class=\"tg-module-info tg-col-control\">\n                        \t\t<h3 class=\"tg-module-title entry-title\">\n\t\t\t<a href=\"https:\/\/www.skiverein-luetzel.de\/?p=3056\">Vereinsmeisterschaften 2025<\/a>\n\t\t<\/h3>\n\t\t\n\t\t<div class=\"tg-module-meta\">\n\t\t\t\n\t\t\t<span class=\"tg-post-date entry-date\">\n\t\t\t\t<a href=\"https:\/\/www.skiverein-luetzel.de\/?p=3056\" rel=\"bookmark\"><time class=\"entry-date published\" datetime=\"2025-01-14T21:02:42+01:00\">14. Januar 2025<\/time><time class=\"updated\" datetime=\"2025-01-14T21:04:30+01:00\">14. Januar 2025<\/time><\/a>\t\t\t<\/span>\n\n\t\t\t<span class=\"tg-post-auther-name author vcard\">\n\t\t\t\t<a class=\"url fn n\" href=\"https:\/\/www.skiverein-luetzel.de\/?author=4\">Michael Halbfas<\/a>\t\t\t<\/span>\n\n\t\t\t\t\t<\/div>\n\n\t\t\n                        <div class=\"tg-excerpt entry-content\">\n                            <p>Wir planen diesen Sonntag (19.01.25) die Vereinsmeisterschaften 2025. Der Start ist geplant ab 12:00 Uhr. Die Anmeldung bis 30min vor<\/p>\n                        <\/div>\n                    <\/div>\n                <\/div>\n\n            \n                <div class=\"tg_module_block tg-row\">\n                                            <figure class=\"tg-module-thumb tg-col-control\">\n                            \t\t<a href=\"https:\/\/www.skiverein-luetzel.de\/?p=3050\" class=\"tg-thumb-link\">\n\t\t\t<img loading=\"lazy\" decoding=\"async\" width=\"392\" height=\"272\" src=\"https:\/\/www.skiverein-luetzel.de\/wp-content\/uploads\/2025\/01\/skitagwinterberg-392x272.jpg\" class=\"attachment-colormag-highlighted-post size-colormag-highlighted-post wp-post-image\" alt=\"\" srcset=\"https:\/\/www.skiverein-luetzel.de\/wp-content\/uploads\/2025\/01\/skitagwinterberg-392x272.jpg 392w, https:\/\/www.skiverein-luetzel.de\/wp-content\/uploads\/2025\/01\/skitagwinterberg-130x90.jpg 130w, https:\/\/www.skiverein-luetzel.de\/wp-content\/uploads\/2025\/01\/skitagwinterberg-600x417.jpg 600w\" sizes=\"(max-width: 392px) 100vw, 392px\" \/>\t\t<\/a>\n\t\t                        <\/figure>\n                    \n                    <div class=\"tg-module-info tg-col-control\">\n                        \t\t<h3 class=\"tg-module-title entry-title\">\n\t\t\t<a href=\"https:\/\/www.skiverein-luetzel.de\/?p=3050\">Kinderskitage in Winterberg<\/a>\n\t\t<\/h3>\n\t\t\n\t\t<div class=\"tg-module-meta\">\n\t\t\t\n\t\t\t<span class=\"tg-post-date entry-date\">\n\t\t\t\t<a href=\"https:\/\/www.skiverein-luetzel.de\/?p=3050\" rel=\"bookmark\"><time class=\"entry-date published\" datetime=\"2025-01-14T20:46:34+01:00\">14. Januar 2025<\/time><time class=\"updated\" datetime=\"2025-11-12T20:40:59+01:00\">12. November 2025<\/time><\/a>\t\t\t<\/span>\n\n\t\t\t<span class=\"tg-post-auther-name author vcard\">\n\t\t\t\t<a class=\"url fn n\" href=\"https:\/\/www.skiverein-luetzel.de\/?author=4\">Michael Halbfas<\/a>\t\t\t<\/span>\n\n\t\t\t\t\t<\/div>\n\n\t\t\n                        <div class=\"tg-excerpt entry-content\">\n                            <p>Kinderskitage in Winterberg, wir sind dabei.Kids on Ski Du bist zwischen 5 und 12 Jahren alt und hast Interesse an<\/p>\n                        <\/div>\n                    <\/div>\n                <\/div>\n\n            \n                <div class=\"tg_module_block tg-row\">\n                                            <figure class=\"tg-module-thumb tg-col-control\">\n                            \t\t<a href=\"https:\/\/www.skiverein-luetzel.de\/?p=2970\" class=\"tg-thumb-link\">\n\t\t\t<img loading=\"lazy\" decoding=\"async\" width=\"392\" height=\"272\" src=\"https:\/\/www.skiverein-luetzel.de\/wp-content\/uploads\/2024\/12\/Lift2_Beitrag-392x272.jpg\" class=\"attachment-colormag-highlighted-post size-colormag-highlighted-post wp-post-image\" alt=\"\" srcset=\"https:\/\/www.skiverein-luetzel.de\/wp-content\/uploads\/2024\/12\/Lift2_Beitrag-392x272.jpg 392w, https:\/\/www.skiverein-luetzel.de\/wp-content\/uploads\/2024\/12\/Lift2_Beitrag-130x90.jpg 130w, https:\/\/www.skiverein-luetzel.de\/wp-content\/uploads\/2024\/12\/Lift2_Beitrag-600x417.jpg 600w\" sizes=\"(max-width: 392px) 100vw, 392px\" \/>\t\t<\/a>\n\t\t                        <\/figure>\n                    \n                    <div class=\"tg-module-info tg-col-control\">\n                        \t\t<h3 class=\"tg-module-title entry-title\">\n\t\t\t<a href=\"https:\/\/www.skiverein-luetzel.de\/?p=2970\">Loipenbetrieb, Rodelbahn und Lift 2024\/2025<\/a>\n\t\t<\/h3>\n\t\t\n\t\t<div class=\"tg-module-meta\">\n\t\t\t\n\t\t\t<span class=\"tg-post-date entry-date\">\n\t\t\t\t<a href=\"https:\/\/www.skiverein-luetzel.de\/?p=2970\" rel=\"bookmark\"><time class=\"entry-date published\" datetime=\"2024-12-08T19:04:06+01:00\">8. Dezember 2024<\/time><time class=\"updated\" datetime=\"2024-12-08T19:10:06+01:00\">8. Dezember 2024<\/time><\/a>\t\t\t<\/span>\n\n\t\t\t<span class=\"tg-post-auther-name author vcard\">\n\t\t\t\t<a class=\"url fn n\" href=\"https:\/\/www.skiverein-luetzel.de\/?author=4\">Michael Halbfas<\/a>\t\t\t<\/span>\n\n\t\t\t\t\t<\/div>\n\n\t\t\n                        <div class=\"tg-excerpt entry-content\">\n                            <p>Der Winter naht und bringt uns hoffentlich auch auf der L\u00fctzel mal wieder ein paar ordentliche Schneetage! Anl\u00e4sslich der JHV<\/p>\n                        <\/div>\n                    <\/div>\n                <\/div>\n\n            \n                <div class=\"tg_module_block tg-row\">\n                                            <figure class=\"tg-module-thumb tg-col-control\">\n                            \t\t<a href=\"https:\/\/www.skiverein-luetzel.de\/?p=2951\" class=\"tg-thumb-link\">\n\t\t\t<img loading=\"lazy\" decoding=\"async\" width=\"392\" height=\"272\" src=\"https:\/\/www.skiverein-luetzel.de\/wp-content\/uploads\/2024\/11\/Laternenumzug2024-392x272.jpg\" class=\"attachment-colormag-highlighted-post size-colormag-highlighted-post wp-post-image\" alt=\"\" srcset=\"https:\/\/www.skiverein-luetzel.de\/wp-content\/uploads\/2024\/11\/Laternenumzug2024-392x272.jpg 392w, https:\/\/www.skiverein-luetzel.de\/wp-content\/uploads\/2024\/11\/Laternenumzug2024-130x90.jpg 130w, https:\/\/www.skiverein-luetzel.de\/wp-content\/uploads\/2024\/11\/Laternenumzug2024-600x417.jpg 600w\" sizes=\"(max-width: 392px) 100vw, 392px\" \/>\t\t<\/a>\n\t\t                        <\/figure>\n                    \n                    <div class=\"tg-module-info tg-col-control\">\n                        \t\t<h3 class=\"tg-module-title entry-title\">\n\t\t\t<a href=\"https:\/\/www.skiverein-luetzel.de\/?p=2951\">Einladung Laternenumzug 16.11.2024<\/a>\n\t\t<\/h3>\n\t\t\n\t\t<div class=\"tg-module-meta\">\n\t\t\t\n\t\t\t<span class=\"tg-post-date entry-date\">\n\t\t\t\t<a href=\"https:\/\/www.skiverein-luetzel.de\/?p=2951\" rel=\"bookmark\"><time class=\"entry-date published\" datetime=\"2024-11-06T20:44:30+01:00\">6. November 2024<\/time><time class=\"updated\" datetime=\"2025-11-12T20:41:11+01:00\">12. November 2025<\/time><\/a>\t\t\t<\/span>\n\n\t\t\t<span class=\"tg-post-auther-name author vcard\">\n\t\t\t\t<a class=\"url fn n\" href=\"https:\/\/www.skiverein-luetzel.de\/?author=4\">Michael Halbfas<\/a>\t\t\t<\/span>\n\n\t\t\t\t\t<\/div>\n\n\t\t\n                        <div class=\"tg-excerpt entry-content\">\n                            <p>Es ist wieder so weit, wir m\u00f6chten Euch gerne zu unserem diesj\u00e4hrigen Laternenumzug einladen. Wir treffen uns wie immer um<\/p>\n                        <\/div>\n                    <\/div>\n                <\/div>\n\n                    <\/div>\n\n        \t\t<\/div>\n\t\t\t\t<\/div>\n\t\t\t\t\t<\/div>\n\t\t<\/div>\n\t\t\t\t\t<\/div>\n\t\t<\/section>\n\t\t\t\t<section class=\"elementor-section elementor-top-section elementor-element elementor-element-a2f1397 elementor-section-boxed elementor-section-height-default elementor-section-height-default\" data-id=\"a2f1397\" data-element_type=\"section\">\n\t\t\t\t\t\t<div class=\"elementor-container elementor-column-gap-default\">\n\t\t\t\t\t<div class=\"elementor-column elementor-col-100 elementor-top-column elementor-element elementor-element-cbe7051\" data-id=\"cbe7051\" data-element_type=\"column\">\n\t\t\t<div class=\"elementor-widget-wrap elementor-element-populated\">\n\t\t\t\t\t\t<div class=\"elementor-element elementor-element-fd0ba39 elementor-widget elementor-widget-text-editor\" data-id=\"fd0ba39\" data-element_type=\"widget\" data-widget_type=\"text-editor.default\">\n\t\t\t\t<div class=\"elementor-widget-container\">\n\t\t\t\t\t\t\t<h4><a href=\"https:\/\/www.skiverein-luetzel.de\/?page_id=2718\">\u00e4ltere Beitr\u00e4ge<\/a><\/h4><div id=\"gtx-trans\" style=\"position: absolute; left: -34px; top: 40.1719px;\"><div class=\"gtx-trans-icon\">\u00a0<\/div><\/div>\t\t\t\t\t\t<\/div>\n\t\t\t\t<\/div>\n\t\t\t\t\t<\/div>\n\t\t<\/div>\n\t\t\t\t\t<\/div>\n\t\t<\/section>\n\t\t\t\t<\/div>\n\t\t","protected":false},"excerpt":{"rendered":"<p>Arichv Osterfeuer 2023 26. M\u00e4rz 20234. April 2023 Michael Halbfas Osterfeuer 2023 Der Skiverein l\u00e4dt euch herzlich zum traditionellen Osterfeuer<\/p>\n","protected":false},"author":4,"featured_media":0,"parent":0,"menu_order":0,"comment_status":"closed","ping_status":"closed","template":"","meta":{"footnotes":""},"class_list":["post-2709","page","type-page","status-publish","hentry"],"_links":{"self":[{"href":"https:\/\/www.skiverein-luetzel.de\/index.php?rest_route=\/wp\/v2\/pages\/2709","targetHints":{"allow":["GET"]}}],"collection":[{"href":"https:\/\/www.skiverein-luetzel.de\/index.php?rest_route=\/wp\/v2\/pages"}],"about":[{"href":"https:\/\/www.skiverein-luetzel.de\/index.php?rest_route=\/wp\/v2\/types\/page"}],"author":[{"embeddable":true,"href":"https:\/\/www.skiverein-luetzel.de\/index.php?rest_route=\/wp\/v2\/users\/4"}],"replies":[{"embeddable":true,"href":"https:\/\/www.skiverein-luetzel.de\/index.php?rest_route=%2Fwp%2Fv2%2Fcomments&post=2709"}],"version-history":[{"count":8,"href":"https:\/\/www.skiverein-luetzel.de\/index.php?rest_route=\/wp\/v2\/pages\/2709\/revisions"}],"predecessor-version":[{"id":2728,"href":"https:\/\/www.skiverein-luetzel.de\/index.php?rest_route=\/wp\/v2\/pages\/2709\/revisions\/2728"}],"wp:attachment":[{"href":"https:\/\/www.skiverein-luetzel.de\/index.php?rest_route=%2Fwp%2Fv2%2Fmedia&parent=2709"}],"curies":[{"name":"wp","href":"https:\/\/api.w.org\/{rel}","templated":true}]}}